{"id":5868,"date":"2020-01-31T19:43:54","date_gmt":"2020-01-31T18:43:54","guid":{"rendered":"https:\/\/www.nomenearth.es\/sostenibilitat\/"},"modified":"2021-01-14T09:14:58","modified_gmt":"2021-01-14T08:14:58","slug":"sostenibilitat","status":"publish","type":"page","link":"https:\/\/www.nomenearth.es\/ca\/sostenibilitat\/","title":{"rendered":"Sostenibilitat"},"content":{"rendered":"<p>[et_pb_section fb_built=&#8221;1&#8243; admin_label=&#8221;section 0&#8243; module_class=&#8221;section-title-intro&#8221; _builder_version=&#8221;4.0.5&#8243; background_image=&#8221;https:\/\/www.nomenearth.es\/wp-content\/uploads\/2019\/12\/landscape-P2SRD8P.png&#8221; custom_margin=&#8221;||||false|false&#8221; collapsed=&#8221;off&#8221; da_is_popup=&#8221;off&#8221; da_exit_intent=&#8221;off&#8221; da_has_close=&#8221;on&#8221; da_alt_close=&#8221;off&#8221; da_dark_close=&#8221;off&#8221; da_not_modal=&#8221;on&#8221; da_is_singular=&#8221;off&#8221; da_with_loader=&#8221;off&#8221; da_has_shadow=&#8221;on&#8221; da_disable_devices=&#8221;off|off|off&#8221;][et_pb_row _builder_version=&#8221;4.0.5&#8243;][et_pb_column type=&#8221;4_4&#8243; _builder_version=&#8221;4.0.5&#8243;][et_pb_text _builder_version=&#8221;4.0.5&#8243; hover_enabled=&#8221;0&#8243;]<\/p>\n<h1 style=\"text-align: center;\">DESCOBREIX EL NOSTRE COMPROM\u00cdS AMB EL MEDI AMBIENT<\/h1>\n<p>[\/et_pb_text][\/et_pb_column][\/et_pb_row][\/et_pb_section][et_pb_section fb_built=&#8221;1&#8243; admin_label=&#8221;section 1&#8243; module_class=&#8221;sostenibilidad_section_1&#8243; _builder_version=&#8221;4.0.5&#8243; background_color=&#8221;#eaeaea&#8221; background_image=&#8221;https:\/\/www.nomenearth.es\/wp-content\/uploads\/2019\/12\/17.png&#8221; background_size=&#8221;initial&#8221; background_position=&#8221;bottom_right&#8221; background_last_edited=&#8221;on|desktop&#8221; background_enable_image_tablet=&#8221;off&#8221; collapsed=&#8221;off&#8221; da_is_popup=&#8221;off&#8221; da_exit_intent=&#8221;off&#8221; da_has_close=&#8221;on&#8221; da_alt_close=&#8221;off&#8221; da_dark_close=&#8221;off&#8221; da_not_modal=&#8221;on&#8221; da_is_singular=&#8221;off&#8221; da_with_loader=&#8221;off&#8221; da_has_shadow=&#8221;on&#8221; da_disable_devices=&#8221;off|off|off&#8221;][et_pb_row column_structure=&#8221;1_2,1_2&#8243; make_equal=&#8221;on&#8221; _builder_version=&#8221;4.0.5&#8243;][et_pb_column type=&#8221;1_2&#8243; _builder_version=&#8221;4.0.5&#8243;][et_pb_text _builder_version=&#8221;4.0.5&#8243;]<\/p>\n<h2>Hem substitu\u00eft envasos de pl\u00e0stic per paper reciclable<\/h2>\n<p>Una altra missi\u00f3 del comit\u00e8 d&#8217;embalatge \u00e9s reduir al m\u00e0xim les bobines de pl\u00e0stic, seguint la l\u00ednia d&#8217;aplicar mesures pensades per a reduir les emissions de CO2 i preservar el nostre entorn. Amb aquest objectiu hem canviat l&#8217;env\u00e0s de l&#8217;arr\u00f2s llarg per paper 100% reciclable, un disseny m\u00e9s sostenible i respectu\u00f3s amb el medi ambient.<\/p>\n<p>[\/et_pb_text][\/et_pb_column][et_pb_column type=&#8221;1_2&#8243; _builder_version=&#8221;4.0.5&#8243;][et_pb_image src=&#8221;https:\/\/www.nomenearth.es\/wp-content\/uploads\/2019\/12\/16.png&#8221; align=&#8221;center&#8221; _builder_version=&#8221;4.0.5&#8243; max_width_tablet=&#8221;170px&#8221; max_width_phone=&#8221;&#8221; max_width_last_edited=&#8221;on|tablet&#8221;][\/et_pb_image][\/et_pb_column][\/et_pb_row][\/et_pb_section][et_pb_section fb_built=&#8221;1&#8243; admin_label=&#8221;section 2&#8243; module_class=&#8221;sostenibilidad_section_2&#8243; _builder_version=&#8221;4.0.5&#8243; background_image=&#8221;https:\/\/www.nomenearth.es\/wp-content\/uploads\/2019\/12\/18.png&#8221; collapsed=&#8221;on&#8221; da_is_popup=&#8221;off&#8221; da_exit_intent=&#8221;off&#8221; da_has_close=&#8221;on&#8221; da_alt_close=&#8221;off&#8221; da_dark_close=&#8221;off&#8221; da_not_modal=&#8221;on&#8221; da_is_singular=&#8221;off&#8221; da_with_loader=&#8221;off&#8221; da_has_shadow=&#8221;on&#8221; da_disable_devices=&#8221;off|off|off&#8221;][et_pb_row column_structure=&#8221;1_2,1_2&#8243; _builder_version=&#8221;4.0.5&#8243;][et_pb_column type=&#8221;1_2&#8243; _builder_version=&#8221;4.0.5&#8243;][\/et_pb_column][et_pb_column type=&#8221;1_2&#8243; _builder_version=&#8221;4.0.5&#8243;][et_pb_text _builder_version=&#8221;4.0.5&#8243;]<\/p>\n<h2>Utilitzem energia renovable 100%<\/h2>\n<p>Tota l&#8217;energia que utilitzem \u00e9s 100% verda. Hem redu\u00eft les emissions de CO2 en un 57,3% gr\u00e0cies a la contractaci\u00f3 d&#8217;un subministrador energ\u00e8tic que ens garanteix que l&#8217;energia que rebem prov\u00e9 de fonts renovables 100%.<\/p>\n<p>[\/et_pb_text][\/et_pb_column][\/et_pb_row][\/et_pb_section][et_pb_section fb_built=&#8221;1&#8243; admin_label=&#8221;section 3&#8243; module_class=&#8221;sostenibilidad_section_3&#8243; _builder_version=&#8221;4.0.5&#8243; background_image=&#8221;https:\/\/www.nomenearth.es\/wp-content\/uploads\/2019\/12\/19.png&#8221; collapsed=&#8221;on&#8221; da_is_popup=&#8221;off&#8221; da_exit_intent=&#8221;off&#8221; da_has_close=&#8221;on&#8221; da_alt_close=&#8221;off&#8221; da_dark_close=&#8221;off&#8221; da_not_modal=&#8221;on&#8221; da_is_singular=&#8221;off&#8221; da_with_loader=&#8221;off&#8221; da_has_shadow=&#8221;on&#8221; da_disable_devices=&#8221;off|off|off&#8221;][et_pb_row column_structure=&#8221;1_2,1_2&#8243; _builder_version=&#8221;4.0.5&#8243;][et_pb_column type=&#8221;1_2&#8243; _builder_version=&#8221;4.0.5&#8243;][et_pb_text _builder_version=&#8221;4.0.5&#8243;]<\/p>\n<h2>Treballem per reduir els embalatges: menys pl\u00e0stics i cartrons<\/h2>\n<p>Una de les tasques del comit\u00e8 d&#8217;embalatges, format per diferents treballadors de Nomen Foods, ha estat reduir el doble env\u00e0s, havent aconseguit una reducci\u00f3 del 26,5%. Com a empresa subscrita a el pla empresarial de prevenci\u00f3 d&#8217;Ecoembes, hem aconseguit disminuir 1,50 kg per env\u00e0s disposat al mercat.<\/p>\n<p>[\/et_pb_text][\/et_pb_column][et_pb_column type=&#8221;1_2&#8243; _builder_version=&#8221;4.0.5&#8243;][\/et_pb_column][\/et_pb_row][\/et_pb_section][et_pb_section fb_built=&#8221;1&#8243; admin_label=&#8221;section 4&#8243; module_class=&#8221;sostenibilidad_section_4&#8243; _builder_version=&#8221;4.0.5&#8243; background_image=&#8221;https:\/\/www.nomenearth.es\/wp-content\/uploads\/2019\/12\/Group-2762.png&#8221; background_position=&#8221;center_left&#8221; collapsed=&#8221;off&#8221; da_is_popup=&#8221;off&#8221; da_exit_intent=&#8221;off&#8221; da_has_close=&#8221;on&#8221; da_alt_close=&#8221;off&#8221; da_dark_close=&#8221;off&#8221; da_not_modal=&#8221;on&#8221; da_is_singular=&#8221;off&#8221; da_with_loader=&#8221;off&#8221; da_has_shadow=&#8221;on&#8221; da_disable_devices=&#8221;off|off|off&#8221;][et_pb_row column_structure=&#8221;1_2,1_2&#8243; make_equal=&#8221;on&#8221; _builder_version=&#8221;4.0.5&#8243; background_enable_color=&#8221;off&#8221;][et_pb_column type=&#8221;1_2&#8243; _builder_version=&#8221;4.0.5&#8243;][et_pb_image src=&#8221;https:\/\/www.nomenearth.es\/wp-content\/uploads\/2019\/12\/20.png&#8221; align=&#8221;center&#8221; _builder_version=&#8221;4.0.5&#8243; max_width_tablet=&#8221;170px&#8221; max_width_phone=&#8221;&#8221; max_width_last_edited=&#8221;on|desktop&#8221; custom_margin_tablet=&#8221;20px||||false|false&#8221; custom_margin_phone=&#8221;&#8221; custom_margin_last_edited=&#8221;on|tablet&#8221;][\/et_pb_image][\/et_pb_column][et_pb_column type=&#8221;1_2&#8243; _builder_version=&#8221;4.0.5&#8243;][et_pb_text _builder_version=&#8221;4.0.5&#8243;]<\/p>\n<h2>Estem canviant els fluorescents per leds<\/h2>\n<p>Amb l&#8217;objectiu de reduir el cost de energ\u00e8tic, cada any anem substituint un alt percentatge de tubs fluorescents convencionals per leds, que proporcionen un important estalvi energ\u00e8tic i de consum.<\/p>\n<p>[\/et_pb_text][\/et_pb_column][\/et_pb_row][\/et_pb_section][et_pb_section fb_built=&#8221;1&#8243; admin_label=&#8221;section 5&#8243; module_class=&#8221;sostenibilidad_section_5&#8243; _builder_version=&#8221;4.0.5&#8243; background_image=&#8221;https:\/\/www.nomenearth.es\/wp-content\/uploads\/2019\/12\/22.png&#8221; collapsed=&#8221;on&#8221; da_is_popup=&#8221;off&#8221; da_exit_intent=&#8221;off&#8221; da_has_close=&#8221;on&#8221; da_alt_close=&#8221;off&#8221; da_dark_close=&#8221;off&#8221; da_not_modal=&#8221;on&#8221; da_is_singular=&#8221;off&#8221; da_with_loader=&#8221;off&#8221; da_has_shadow=&#8221;on&#8221; da_disable_devices=&#8221;off|off|off&#8221;][et_pb_row column_structure=&#8221;1_2,1_2&#8243; _builder_version=&#8221;4.0.5&#8243;][et_pb_column type=&#8221;1_2&#8243; _builder_version=&#8221;4.0.5&#8243;][et_pb_text _builder_version=&#8221;4.0.5&#8243;]<\/p>\n<h2>Hem redu\u00eft l&#8217;\u00fas de paper i apostem per paper reciclat<\/h2>\n<p>L&#8217;aposta per una oficina sense papers ha perm\u00e8s reduir considerablement el consum de paper, aix\u00ed com el canvi a paper reciclat i amb menys gramatge respecte a l&#8217;anterior.<\/p>\n<p>[\/et_pb_text][\/et_pb_column][et_pb_column type=&#8221;1_2&#8243; _builder_version=&#8221;4.0.5&#8243;][\/et_pb_column][\/et_pb_row][\/et_pb_section][et_pb_section fb_built=&#8221;1&#8243; admin_label=&#8221;section 6&#8243; module_class=&#8221;sostenibilidad_section_6&#8243; _builder_version=&#8221;4.0.5&#8243; background_image=&#8221;https:\/\/www.nomenearth.es\/wp-content\/uploads\/2019\/12\/23.png&#8221; collapsed=&#8221;on&#8221; da_is_popup=&#8221;off&#8221; da_exit_intent=&#8221;off&#8221; da_has_close=&#8221;on&#8221; da_alt_close=&#8221;off&#8221; da_dark_close=&#8221;off&#8221; da_not_modal=&#8221;on&#8221; da_is_singular=&#8221;off&#8221; da_with_loader=&#8221;off&#8221; da_has_shadow=&#8221;on&#8221; da_disable_devices=&#8221;off|off|off&#8221;][et_pb_row column_structure=&#8221;1_2,1_2&#8243; _builder_version=&#8221;4.0.5&#8243;][et_pb_column type=&#8221;1_2&#8243; _builder_version=&#8221;4.0.5&#8243;][\/et_pb_column][et_pb_column type=&#8221;1_2&#8243; _builder_version=&#8221;4.0.5&#8243;][et_pb_text _builder_version=&#8221;4.0.5&#8243;]<\/p>\n<h2>Invertim en tecnologia m\u00e9s eficient energ\u00e8ticament<\/h2>\n<p>La millora cont\u00ednua \u00e9s intr\u00ednseca a totes les \u00e0rees del proc\u00e9s de producci\u00f3, des del mol\u00ed fins a l\u2019empaquetatge, per aix\u00f2 invertim en sistemes intel\u00b7ligents amb noves tecnologies i maquin\u00e0ria m\u00e9s eficient energ\u00e8ticament que ajuden a reduir el consum d&#8217;energia.<\/p>\n<p>[\/et_pb_text][\/et_pb_column][\/et_pb_row][\/et_pb_section][et_pb_section fb_built=&#8221;1&#8243; admin_label=&#8221;section 7&#8243; module_class=&#8221;sostenibilidad_section_7&#8243; _builder_version=&#8221;4.0.5&#8243; background_color=&#8221;#eaeaea&#8221; collapsed=&#8221;on&#8221; da_is_popup=&#8221;off&#8221; da_exit_intent=&#8221;off&#8221; da_has_close=&#8221;on&#8221; da_alt_close=&#8221;off&#8221; da_dark_close=&#8221;off&#8221; da_not_modal=&#8221;on&#8221; da_is_singular=&#8221;off&#8221; da_with_loader=&#8221;off&#8221; da_has_shadow=&#8221;on&#8221; da_disable_devices=&#8221;off|off|off&#8221;][et_pb_row column_structure=&#8221;1_2,1_2&#8243; make_equal=&#8221;on&#8221; _builder_version=&#8221;4.0.5&#8243;][et_pb_column type=&#8221;1_2&#8243; _builder_version=&#8221;4.0.5&#8243;][et_pb_text _builder_version=&#8221;4.0.5&#8243;]<\/p>\n<h2>Apostem per l&#8217;externalitzaci\u00f3 log\u00edstica<\/h2>\n<p>Optimitzaci\u00f3 de la log\u00edstica amb un soci extern tamb\u00e9 enfocat cap a la sostenibilitat i el comprom\u00eds mediambiental, una plataforma log\u00edstica amb unes instal\u00b7lacions m\u00e9s eficients energ\u00e8ticament i alineades amb la pol\u00edtica d&#8217;empresa de reduir la petjada de carboni.<\/p>\n<p>[\/et_pb_text][\/et_pb_column][et_pb_column type=&#8221;1_2&#8243; _builder_version=&#8221;4.0.5&#8243;][et_pb_image src=&#8221;https:\/\/www.nomenearth.es\/wp-content\/uploads\/2019\/12\/24.png&#8221; align=&#8221;center&#8221; _builder_version=&#8221;4.0.5&#8243;][\/et_pb_image][\/et_pb_column][\/et_pb_row][\/et_pb_section][et_pb_section fb_built=&#8221;1&#8243; admin_label=&#8221;section 8&#8243; module_class=&#8221;sostenibilidad_section_8&#8243; _builder_version=&#8221;4.0.5&#8243; background_image=&#8221;https:\/\/www.nomenearth.es\/wp-content\/uploads\/2019\/12\/25.png&#8221; collapsed=&#8221;on&#8221; da_is_popup=&#8221;off&#8221; da_exit_intent=&#8221;off&#8221; da_has_close=&#8221;on&#8221; da_alt_close=&#8221;off&#8221; da_dark_close=&#8221;off&#8221; da_not_modal=&#8221;on&#8221; da_is_singular=&#8221;off&#8221; da_with_loader=&#8221;off&#8221; da_has_shadow=&#8221;on&#8221; da_disable_devices=&#8221;off|off|off&#8221;][et_pb_row column_structure=&#8221;1_2,1_2&#8243; _builder_version=&#8221;4.0.5&#8243;][et_pb_column type=&#8221;1_2&#8243; _builder_version=&#8221;4.0.5&#8243;][\/et_pb_column][et_pb_column type=&#8221;1_2&#8243; _builder_version=&#8221;4.0.5&#8243;][et_pb_text _builder_version=&#8221;4.0.5&#8243;]<\/p>\n<h2>Hem eliminat les ampolles de pl\u00e0stic<\/h2>\n<p>Hem substitu\u00eft totes les ampolles de pl\u00e0stic per ampolles de vidre i gots de cartr\u00f3, a m\u00e9s d&#8217;instal\u00b7lar fonts d&#8217;aigua per a \u00fas dels treballadors i aix\u00ed generar el menor residu possible.<\/p>\n<p>[\/et_pb_text][\/et_pb_column][\/et_pb_row][\/et_pb_section][et_pb_section fb_built=&#8221;1&#8243; admin_label=&#8221;section 9&#8243; module_class=&#8221;sostenibilidad_section_9&#8243; _builder_version=&#8221;4.0.5&#8243; background_image=&#8221;https:\/\/www.nomenearth.es\/wp-content\/uploads\/2019\/12\/26.png&#8221; collapsed=&#8221;on&#8221; da_is_popup=&#8221;off&#8221; da_exit_intent=&#8221;off&#8221; da_has_close=&#8221;on&#8221; da_alt_close=&#8221;off&#8221; da_dark_close=&#8221;off&#8221; da_not_modal=&#8221;on&#8221; da_is_singular=&#8221;off&#8221; da_with_loader=&#8221;off&#8221; da_has_shadow=&#8221;on&#8221; da_disable_devices=&#8221;off|off|off&#8221;][et_pb_row column_structure=&#8221;1_2,1_2&#8243; _builder_version=&#8221;4.0.5&#8243;][et_pb_column type=&#8221;1_2&#8243; _builder_version=&#8221;4.0.5&#8243;][et_pb_text _builder_version=&#8221;4.0.5&#8243;]<\/p>\n<h2>Estem plantant arbres al voltant de la f\u00e0brica<\/h2>\n<p>Impulsat pel comit\u00e8 de sostenibilitat i sota la tutela del Parc Natural, estem plantant arbres aut\u00f2ctons al voltant de la planta de producci\u00f3 del Delta per a reduir-ne l&#8217;impacte visual i afavorir l&#8217;entorn amb m\u00e9s massa forestal. A m\u00e9s d&#8217;instal\u00b7lar caixes niu per a ratpenats, que contribueixen a mantenir a ratlla els mosquits de forma natural.<\/p>\n<p>[\/et_pb_text][\/et_pb_column][et_pb_column type=&#8221;1_2&#8243; _builder_version=&#8221;4.0.5&#8243;][\/et_pb_column][\/et_pb_row][\/et_pb_section][et_pb_section fb_built=&#8221;1&#8243; admin_label=&#8221;section 10&#8243; module_class=&#8221;sostenibilidad_section_10&#8243; _builder_version=&#8221;4.0.5&#8243; background_color=&#8221;#eaeaea&#8221; collapsed=&#8221;off&#8221; da_is_popup=&#8221;off&#8221; da_exit_intent=&#8221;off&#8221; da_has_close=&#8221;on&#8221; da_alt_close=&#8221;off&#8221; da_dark_close=&#8221;off&#8221; da_not_modal=&#8221;on&#8221; da_is_singular=&#8221;off&#8221; da_with_loader=&#8221;off&#8221; da_has_shadow=&#8221;on&#8221; da_disable_devices=&#8221;off|off|off&#8221;][et_pb_row column_structure=&#8221;1_2,1_2&#8243; make_equal=&#8221;on&#8221; _builder_version=&#8221;4.0.5&#8243; background_color=&#8221;#eaeaea&#8221;][et_pb_column type=&#8221;1_2&#8243; _builder_version=&#8221;4.0.5&#8243;][et_pb_image src=&#8221;https:\/\/www.nomenearth.es\/wp-content\/uploads\/2019\/12\/27.png&#8221; align=&#8221;center&#8221; _builder_version=&#8221;4.0.5&#8243; max_width_tablet=&#8221;170px&#8221; max_width_phone=&#8221;&#8221; max_width_last_edited=&#8221;on|tablet&#8221;][\/et_pb_image][\/et_pb_column][et_pb_column type=&#8221;1_2&#8243; _builder_version=&#8221;4.0.5&#8243;][et_pb_text _builder_version=&#8221;4.0.5&#8243;]<\/p>\n<h2>Comprom\u00eds amb el medi ambient certificat per l\u2019ISO 14001<\/h2>\n<p>Disposem d&#8217;un sistema de gesti\u00f3 ambiental basat en la norma ISO 14001 que promou l&#8217;obtenci\u00f3 de productes de qualitat minimitzant l&#8217;impacte ambiental derivat de la nostra activitat, missi\u00f3 alineada amb els diferents objectius ambientals plantejats per la nostra empresa.<\/p>\n<p>[\/et_pb_text][\/et_pb_column][\/et_pb_row][\/et_pb_section][et_pb_section fb_built=&#8221;1&#8243; admin_label=&#8221;section 11&#8243; module_class=&#8221;sostenibilidad_section_11&#8243; _builder_version=&#8221;4.0.5&#8243; background_image=&#8221;https:\/\/www.nomenearth.es\/wp-content\/uploads\/2019\/12\/28.png&#8221; collapsed=&#8221;on&#8221; da_is_popup=&#8221;off&#8221; da_exit_intent=&#8221;off&#8221; da_has_close=&#8221;on&#8221; da_alt_close=&#8221;off&#8221; da_dark_close=&#8221;off&#8221; da_not_modal=&#8221;on&#8221; da_is_singular=&#8221;off&#8221; da_with_loader=&#8221;off&#8221; da_has_shadow=&#8221;on&#8221; da_disable_devices=&#8221;off|off|off&#8221;][et_pb_row column_structure=&#8221;1_2,1_2&#8243; _builder_version=&#8221;4.0.5&#8243;][et_pb_column type=&#8221;1_2&#8243; _builder_version=&#8221;4.0.5&#8243;][et_pb_text _builder_version=&#8221;4.0.5&#8243;]<\/p>\n<h2>Impulsem el conreu d&#8217;arr\u00f2s ecol\u00f2gic<\/h2>\n<p>L&#8217;aposta ferma per un cultiu m\u00e9s sostenible i respectu\u00f3s amb el medi ambient passa per conrear m\u00e9s arr\u00f2s ecol\u00f2gic, en el cultiu del qual no s&#8217;empren adobs ni pesticides de s\u00edntesi, per la qual cosa conserva tot el sabor i les qualitats d&#8217;un arr\u00f2s sense tractar. Un arr\u00f2s pur 100%, conreat amb m\u00e8todes naturals.<\/p>\n<p>[\/et_pb_text][\/et_pb_column][et_pb_column type=&#8221;1_2&#8243; _builder_version=&#8221;4.0.5&#8243;][\/et_pb_column][\/et_pb_row][\/et_pb_section][et_pb_section fb_built=&#8221;1&#8243; admin_label=&#8221;section 12&#8243; module_class=&#8221;sostenibilidad_section_12&#8243; _builder_version=&#8221;4.0.5&#8243; background_image=&#8221;https:\/\/www.nomenearth.es\/wp-content\/uploads\/2019\/12\/29.png&#8221; collapsed=&#8221;on&#8221; da_is_popup=&#8221;off&#8221; da_exit_intent=&#8221;off&#8221; da_has_close=&#8221;on&#8221; da_alt_close=&#8221;off&#8221; da_dark_close=&#8221;off&#8221; da_not_modal=&#8221;on&#8221; da_is_singular=&#8221;off&#8221; da_with_loader=&#8221;off&#8221; da_has_shadow=&#8221;on&#8221; da_disable_devices=&#8221;off|off|off&#8221;][et_pb_row column_structure=&#8221;1_2,1_2&#8243; _builder_version=&#8221;4.0.5&#8243;][et_pb_column type=&#8221;1_2&#8243; _builder_version=&#8221;4.0.5&#8243;][\/et_pb_column][et_pb_column type=&#8221;1_2&#8243; _builder_version=&#8221;4.0.5&#8243;][et_pb_text _builder_version=&#8221;4.0.5&#8243;]<\/p>\n<h2>Hem creat el projecte Nomen Earth<\/h2>\n<p>Destinem el 100% dels beneficis que generen les vendes de l&#8217;arr\u00f2s Nomen Earth a finan\u00e7ar accions a favor del medi ambient, dedicades a lluitar contra el canvi clim\u00e0tic i a aconseguir un planeta m\u00e9s sostenible.<\/p>\n<p>[\/et_pb_text][\/et_pb_column][\/et_pb_row][\/et_pb_section]<\/p>\n","protected":false},"excerpt":{"rendered":"<p>DESCOBREIX EL NOSTRE COMPROM\u00cdS AMB EL MEDI AMBIENTHem substitu\u00eft envasos de pl\u00e0stic per paper reciclable Una altra missi\u00f3 del comit\u00e8 d&#8217;embalatge \u00e9s reduir al m\u00e0xim les bobines de pl\u00e0stic, seguint la l\u00ednia d&#8217;aplicar mesures pensades per a reduir les emissions de CO2 i preservar el nostre entorn. Amb aquest objectiu hem canviat l&#8217;env\u00e0s de l&#8217;arr\u00f2s [&hellip;]<\/p>\n","protected":false},"author":1,"featured_media":0,"parent":0,"menu_order":0,"comment_status":"closed","ping_status":"closed","template":"","meta":{"_et_pb_use_builder":"on","_et_pb_old_content":"","_et_gb_content_width":"","footnotes":""},"class_list":["post-5868","page","type-page","status-publish","hentry"],"yoast_head":"<!-- This site is optimized with the Yoast SEO plugin v27.5 - https:\/\/yoast.com\/product\/yoast-seo-wordpress\/ -->\n<title>Sostenibilitat - Nomen Earth<\/title>\n<meta name=\"robots\" content=\"index, follow, max-snippet:-1, max-image-preview:large, max-video-preview:-1\" \/>\n<link rel=\"canonical\" href=\"https:\/\/www.nomenearth.es\/ca\/sostenibilitat\/\" \/>\n<meta property=\"og:locale\" content=\"ca_ES\" \/>\n<meta property=\"og:type\" content=\"article\" \/>\n<meta property=\"og:title\" content=\"Sostenibilitat - Nomen Earth\" \/>\n<meta property=\"og:description\" content=\"DESCOBREIX EL NOSTRE COMPROM\u00cdS AMB EL MEDI AMBIENTHem substitu\u00eft envasos de pl\u00e0stic per paper reciclable Una altra missi\u00f3 del comit\u00e8 d&#039;embalatge \u00e9s reduir al m\u00e0xim les bobines de pl\u00e0stic, seguint la l\u00ednia d&#039;aplicar mesures pensades per a reduir les emissions de CO2 i preservar el nostre entorn. Amb aquest objectiu hem canviat l&#039;env\u00e0s de l&#039;arr\u00f2s [&hellip;]\" \/>\n<meta property=\"og:url\" content=\"https:\/\/www.nomenearth.es\/ca\/sostenibilitat\/\" \/>\n<meta property=\"og:site_name\" content=\"Nomen Earth\" \/>\n<meta property=\"article:modified_time\" content=\"2021-01-14T08:14:58+00:00\" \/>\n<meta name=\"twitter:card\" content=\"summary_large_image\" \/>\n<meta name=\"twitter:label1\" content=\"Temps estimat de lectura\" \/>\n\t<meta name=\"twitter:data1\" content=\"11 minuts\" \/>\n<script type=\"application\/ld+json\" class=\"yoast-schema-graph\">{\"@context\":\"https:\\\/\\\/schema.org\",\"@graph\":[{\"@type\":\"WebPage\",\"@id\":\"https:\\\/\\\/www.nomenearth.es\\\/ca\\\/sostenibilitat\\\/\",\"url\":\"https:\\\/\\\/www.nomenearth.es\\\/ca\\\/sostenibilitat\\\/\",\"name\":\"Sostenibilitat - Nomen Earth\",\"isPartOf\":{\"@id\":\"https:\\\/\\\/www.nomenearth.es\\\/#website\"},\"datePublished\":\"2020-01-31T18:43:54+00:00\",\"dateModified\":\"2021-01-14T08:14:58+00:00\",\"breadcrumb\":{\"@id\":\"https:\\\/\\\/www.nomenearth.es\\\/ca\\\/sostenibilitat\\\/#breadcrumb\"},\"inLanguage\":\"ca\",\"potentialAction\":[{\"@type\":\"ReadAction\",\"target\":[\"https:\\\/\\\/www.nomenearth.es\\\/ca\\\/sostenibilitat\\\/\"]}]},{\"@type\":\"BreadcrumbList\",\"@id\":\"https:\\\/\\\/www.nomenearth.es\\\/ca\\\/sostenibilitat\\\/#breadcrumb\",\"itemListElement\":[{\"@type\":\"ListItem\",\"position\":1,\"name\":\"Portada\",\"item\":\"https:\\\/\\\/www.nomenearth.es\\\/\"},{\"@type\":\"ListItem\",\"position\":2,\"name\":\"Sostenibilitat\"}]},{\"@type\":\"WebSite\",\"@id\":\"https:\\\/\\\/www.nomenearth.es\\\/#website\",\"url\":\"https:\\\/\\\/www.nomenearth.es\\\/\",\"name\":\"Nomen Earth\",\"description\":\"#Comprom\u00e9teteConNomen\",\"potentialAction\":[{\"@type\":\"SearchAction\",\"target\":{\"@type\":\"EntryPoint\",\"urlTemplate\":\"https:\\\/\\\/www.nomenearth.es\\\/?s={search_term_string}\"},\"query-input\":{\"@type\":\"PropertyValueSpecification\",\"valueRequired\":true,\"valueName\":\"search_term_string\"}}],\"inLanguage\":\"ca\"}]}<\/script>\n<!-- \/ Yoast SEO plugin. -->","yoast_head_json":{"title":"Sostenibilitat - Nomen Earth","robots":{"index":"index","follow":"follow","max-snippet":"max-snippet:-1","max-image-preview":"max-image-preview:large","max-video-preview":"max-video-preview:-1"},"canonical":"https:\/\/www.nomenearth.es\/ca\/sostenibilitat\/","og_locale":"ca_ES","og_type":"article","og_title":"Sostenibilitat - Nomen Earth","og_description":"DESCOBREIX EL NOSTRE COMPROM\u00cdS AMB EL MEDI AMBIENTHem substitu\u00eft envasos de pl\u00e0stic per paper reciclable Una altra missi\u00f3 del comit\u00e8 d'embalatge \u00e9s reduir al m\u00e0xim les bobines de pl\u00e0stic, seguint la l\u00ednia d'aplicar mesures pensades per a reduir les emissions de CO2 i preservar el nostre entorn. Amb aquest objectiu hem canviat l'env\u00e0s de l'arr\u00f2s [&hellip;]","og_url":"https:\/\/www.nomenearth.es\/ca\/sostenibilitat\/","og_site_name":"Nomen Earth","article_modified_time":"2021-01-14T08:14:58+00:00","twitter_card":"summary_large_image","twitter_misc":{"Temps estimat de lectura":"11 minuts"},"schema":{"@context":"https:\/\/schema.org","@graph":[{"@type":"WebPage","@id":"https:\/\/www.nomenearth.es\/ca\/sostenibilitat\/","url":"https:\/\/www.nomenearth.es\/ca\/sostenibilitat\/","name":"Sostenibilitat - Nomen Earth","isPartOf":{"@id":"https:\/\/www.nomenearth.es\/#website"},"datePublished":"2020-01-31T18:43:54+00:00","dateModified":"2021-01-14T08:14:58+00:00","breadcrumb":{"@id":"https:\/\/www.nomenearth.es\/ca\/sostenibilitat\/#breadcrumb"},"inLanguage":"ca","potentialAction":[{"@type":"ReadAction","target":["https:\/\/www.nomenearth.es\/ca\/sostenibilitat\/"]}]},{"@type":"BreadcrumbList","@id":"https:\/\/www.nomenearth.es\/ca\/sostenibilitat\/#breadcrumb","itemListElement":[{"@type":"ListItem","position":1,"name":"Portada","item":"https:\/\/www.nomenearth.es\/"},{"@type":"ListItem","position":2,"name":"Sostenibilitat"}]},{"@type":"WebSite","@id":"https:\/\/www.nomenearth.es\/#website","url":"https:\/\/www.nomenearth.es\/","name":"Nomen Earth","description":"#Comprom\u00e9teteConNomen","potentialAction":[{"@type":"SearchAction","target":{"@type":"EntryPoint","urlTemplate":"https:\/\/www.nomenearth.es\/?s={search_term_string}"},"query-input":{"@type":"PropertyValueSpecification","valueRequired":true,"valueName":"search_term_string"}}],"inLanguage":"ca"}]}},"_links":{"self":[{"href":"https:\/\/www.nomenearth.es\/ca\/wp-json\/wp\/v2\/pages\/5868","targetHints":{"allow":["GET"]}}],"collection":[{"href":"https:\/\/www.nomenearth.es\/ca\/wp-json\/wp\/v2\/pages"}],"about":[{"href":"https:\/\/www.nomenearth.es\/ca\/wp-json\/wp\/v2\/types\/page"}],"author":[{"embeddable":true,"href":"https:\/\/www.nomenearth.es\/ca\/wp-json\/wp\/v2\/users\/1"}],"replies":[{"embeddable":true,"href":"https:\/\/www.nomenearth.es\/ca\/wp-json\/wp\/v2\/comments?post=5868"}],"version-history":[{"count":3,"href":"https:\/\/www.nomenearth.es\/ca\/wp-json\/wp\/v2\/pages\/5868\/revisions"}],"predecessor-version":[{"id":7887,"href":"https:\/\/www.nomenearth.es\/ca\/wp-json\/wp\/v2\/pages\/5868\/revisions\/7887"}],"wp:attachment":[{"href":"https:\/\/www.nomenearth.es\/ca\/wp-json\/wp\/v2\/media?parent=5868"}],"curies":[{"name":"wp","href":"https:\/\/api.w.org\/{rel}","templated":true}]}}