{"id":11004,"date":"2021-04-13T11:51:23","date_gmt":"2021-04-13T09:51:23","guid":{"rendered":"https:\/\/www.nomenearth.es\/?page_id=11004"},"modified":"2021-06-10T17:40:10","modified_gmt":"2021-06-10T15:40:10","slug":"proposta-de-causes","status":"publish","type":"page","link":"https:\/\/www.nomenearth.es\/ca\/proposta-de-causes\/","title":{"rendered":"Proposta de causes"},"content":{"rendered":"<p>[et_pb_section fb_built=\u00bb1&#8243; module_class=\u00bbsection-title-intro\u00bb _builder_version=\u00bb4.0.5&#8243; background_image=\u00bbhttps:\/\/www.nomenearth.es\/wp-content\/uploads\/2021\/01\/participa-causas-background.jpg\u00bb custom_padding=\u00bb70px||36px|||\u00bb da_disable_devices=\u00bboff|off|off\u00bb da_is_popup=\u00bboff\u00bb da_exit_intent=\u00bboff\u00bb da_has_close=\u00bbon\u00bb da_alt_close=\u00bboff\u00bb da_dark_close=\u00bboff\u00bb da_not_modal=\u00bbon\u00bb da_is_singular=\u00bboff\u00bb da_with_loader=\u00bboff\u00bb da_has_shadow=\u00bbon\u00bb][et_pb_row _builder_version=\u00bb4.0.5&#8243;][et_pb_column type=\u00bb4_4&#8243; _builder_version=\u00bb4.0.5&#8243;][et_pb_text _builder_version=\u00bb4.0.5&#8243;]<\/p>\n<h1 style=\"text-align: center;\">JA TENIM CAUSES FINALISTES!<\/h1>\n<p>[\/et_pb_text][\/et_pb_column][\/et_pb_row][\/et_pb_section][et_pb_section fb_built=\u00bb1&#8243; disabled_on=\u00bboff|off|off\u00bb module_id=\u00bbpropuestas_section_1&#8243; _builder_version=\u00bb4.0.5&#8243; background_color=\u00bb#ebebeb\u00bb da_disable_devices=\u00bboff|off|off\u00bb da_is_popup=\u00bboff\u00bb da_exit_intent=\u00bboff\u00bb da_has_close=\u00bbon\u00bb da_alt_close=\u00bboff\u00bb da_dark_close=\u00bboff\u00bb da_not_modal=\u00bbon\u00bb da_is_singular=\u00bboff\u00bb da_with_loader=\u00bboff\u00bb da_has_shadow=\u00bbon\u00bb][et_pb_row _builder_version=\u00bb4.0.5&#8243;][et_pb_column type=\u00bb4_4&#8243; _builder_version=\u00bb4.0.5&#8243;][et_pb_text _builder_version=\u00bb4.0.5&#8243; text_text_color=\u00bb#316335&#8243; text_orientation=\u00bbcenter\u00bb max_width=\u00bb695px\u00bb module_alignment=\u00bbcenter\u00bb]<span style=\"font-size: 24px;\">#TuGranitoDeArrozPorElPlaneta<\/span><\/p>\n<p><span style=\"font-size: 20px;\"><strong>Aquestes s\u00f3n les sis causes solid\u00e0ries amb el planeta triades pel nostre Comit\u00e8 de Sostenibilitat d&#8217;entre les m\u00e9s de 6.000 propostes rebudes en el segon certamen de Nomen Earth:<\/strong><\/span>[\/et_pb_text][\/et_pb_column][\/et_pb_row][et_pb_row column_structure=\u00bb1_2,1_2&#8243; _builder_version=\u00bb4.0.5&#8243;][et_pb_column type=\u00bb1_2&#8243; _builder_version=\u00bb4.0.5&#8243;][et_pb_image src=\u00bbhttps:\/\/www.nomenearth.es\/wp-content\/uploads\/2021\/06\/delta.jpg\u00bb align=\u00bbcenter\u00bb _builder_version=\u00bb4.0.5&#8243;][\/et_pb_image][et_pb_text _builder_version=\u00bb4.0.5&#8243; text_text_color=\u00bb#316335&#8243; text_font_size=\u00bb18px\u00bb text_orientation=\u00bbcenter\u00bb]<\/p>\n<p>Promoure i divulgar la defensa del <strong>Delta de l&#8217;Ebre<\/strong> davant el <strong>canvi clim\u00e0tic<\/strong><\/p>\n<p>[\/et_pb_text][\/et_pb_column][et_pb_column type=\u00bb1_2&#8243; _builder_version=\u00bb4.0.5&#8243;][et_pb_image src=\u00bbhttps:\/\/www.nomenearth.es\/wp-content\/uploads\/2021\/06\/plantabosques.jpg\u00bb align=\u00bbcenter\u00bb _builder_version=\u00bb4.0.5&#8243;][\/et_pb_image][et_pb_text _builder_version=\u00bb4.0.5&#8243; text_text_color=\u00bb#316335&#8243; text_font_size=\u00bb18px\u00bb text_orientation=\u00bbcenter\u00bb]<\/p>\n<p><strong>Projecte Plantabosques<\/strong>, on els voluntaris fan actuacions de reforestaci\u00f3 en zones afectades per diferents causes<\/p>\n<p>[\/et_pb_text][\/et_pb_column][\/et_pb_row][et_pb_row column_structure=\u00bb1_2,1_2&#8243; _builder_version=\u00bb4.0.5&#8243;][et_pb_column type=\u00bb1_2&#8243; _builder_version=\u00bb4.0.5&#8243;][et_pb_image src=\u00bbhttps:\/\/www.nomenearth.es\/wp-content\/uploads\/2021\/06\/granada.jpg\u00bb align=\u00bbcenter\u00bb _builder_version=\u00bb4.0.5&#8243;][\/et_pb_image][et_pb_text _builder_version=\u00bb4.0.5&#8243; text_text_color=\u00bb#316335&#8243; text_font_size=\u00bb18px\u00bb text_orientation=\u00bbcenter\u00bb]<\/p>\n<p><strong>\u00c1rboles contra el Cambio Clim\u00e1tico a Granada<\/strong>, associaci\u00f3 de voluntaris que s&#8217;encarrega de reforestar amb plantes aut\u00f2ctones<\/p>\n<p>[\/et_pb_text][\/et_pb_column][et_pb_column type=\u00bb1_2&#8243; _builder_version=\u00bb4.0.5&#8243;][et_pb_image src=\u00bbhttps:\/\/www.nomenearth.es\/wp-content\/uploads\/2021\/06\/rius.jpg\u00bb align=\u00bbcenter\u00bb _builder_version=\u00bb4.0.5&#8243;][\/et_pb_image][et_pb_text _builder_version=\u00bb4.0.5&#8243; text_text_color=\u00bb#316335&#8243; text_font_size=\u00bb18px\u00bb text_orientation=\u00bbcenter\u00bb]<\/p>\n<p><strong>Projecte Rius<\/strong>, on voluntaris s&#8217;involucren en la conservaci\u00f3 del riu que tenen a prop de casa<\/p>\n<p>[\/et_pb_text][\/et_pb_column][\/et_pb_row][et_pb_row column_structure=\u00bb1_2,1_2&#8243; _builder_version=\u00bb4.0.5&#8243;][et_pb_column type=\u00bb1_2&#8243; _builder_version=\u00bb4.0.5&#8243;][et_pb_image src=\u00bbhttps:\/\/www.nomenearth.es\/wp-content\/uploads\/2021\/06\/submo.jpg\u00bb align=\u00bbcenter\u00bb _builder_version=\u00bb4.0.5&#8243;][\/et_pb_image][et_pb_text _builder_version=\u00bb4.0.5&#8243; text_text_color=\u00bb#316335&#8243; text_font_size=\u00bb18px\u00bb text_orientation=\u00bbcenter\u00bb]<\/p>\n<p>Programa de conservaci\u00f3 marina de les esp\u00e8cies emblem\u00e0tiques del  <strong>Cap de Creus de Submon<\/strong><\/p>\n<p>[\/et_pb_text][\/et_pb_column][et_pb_column type=\u00bb1_2&#8243; _builder_version=\u00bb4.0.5&#8243;][et_pb_image src=\u00bbhttps:\/\/www.nomenearth.es\/wp-content\/uploads\/2021\/06\/anfibios.jpg\u00bb align=\u00bbcenter\u00bb _builder_version=\u00bb4.0.5&#8243;][\/et_pb_image][et_pb_text _builder_version=\u00bb4.0.5&#8243; text_text_color=\u00bb#316335&#8243; text_font_size=\u00bb18px\u00bb text_orientation=\u00bbcenter\u00bb]<\/p>\n<p><strong>Projecte SOS Anfibios Arag\u00f3n<\/strong>, que fa basses per a criar en el medi natural a diferents tipus d&#8217;amfibis molt amena\u00e7ats<\/p>\n<p>[\/et_pb_text][\/et_pb_column][\/et_pb_row][\/et_pb_section][et_pb_section fb_built=\u00bb1&#8243; _builder_version=\u00bb4.0.5&#8243; da_disable_devices=\u00bboff|off|off\u00bb da_is_popup=\u00bboff\u00bb da_exit_intent=\u00bboff\u00bb da_has_close=\u00bbon\u00bb da_alt_close=\u00bboff\u00bb da_dark_close=\u00bboff\u00bb da_not_modal=\u00bbon\u00bb da_is_singular=\u00bboff\u00bb da_with_loader=\u00bboff\u00bb da_has_shadow=\u00bbon\u00bb][et_pb_row _builder_version=\u00bb4.0.5&#8243;][et_pb_column type=\u00bb4_4&#8243; _builder_version=\u00bb4.0.5&#8243;][et_pb_text admin_label=\u00bbDescripci\u00f3\u00bb _builder_version=\u00bb4.0.5&#8243; text_font_size=\u00bb16px\u00bb text_orientation=\u00bbcenter\u00bb max_width=\u00bb790px\u00bb module_alignment=\u00bbcenter\u00bb]<\/p>\n<p style=\"color: #316335;\">Les causes finalistes s&#8217;han escollit d&#8217;acord amb els criteris seg\u00fcents:<\/p>\n<p style=\"color: #468934;\">Nombre de vots obtinguts. Viabilitat de les causes per executar un projecte de recuperaci\u00f3 que tingui un impacte positiu real. Necessitats geogr\u00e0fiques i possibilitats d&#8217;abast social.<\/p>\n<p style=\"color: #316335;\"><strong>Aquests sis causes solid\u00e0ries passen a una segona fase de votacions<\/strong> que iniciem avui, 10 de juny, i que durar\u00e0 fins al 31 de maig del 2022. La causa que obtingui el major nombre de vots en aquesta fase ser\u00e0 la causa solid\u00e0ria guanyadora del 100% dels beneficis obtinguts per la venda del producte Nomen Earth 2021.<\/p>\n<p style=\"color: #316335;\">En cas d&#8217;empat, ser\u00e0 el Comit\u00e8 de Sostenibilitat de Nomen Earth qui adopti la decisi\u00f3 final, sense possibilitat d&#8217;apel\u00b7laci\u00f3 posterior.<\/p>\n<p style=\"color: #316335;\">Dit aix\u00f2, us animem a votar per la causa que creieu m\u00e9s urgent i que requereixi ajuda imminent. <strong>Participar-hi t\u00e9 premi! Cada quinze dies, l&#8217;equip de Nomen Earth sortejar\u00e0 un lot de productes Nomen.<\/strong><\/p>\n<p>[\/et_pb_text][et_pb_button button_url=\u00bbhttps:\/\/pr.easypromosapp.com\/p\/919364&#8243; url_new_window=\u00bbon\u00bb button_text=\u00bbPER A VOTAR, FES CLIC AQU\u00cd\u00bb button_alignment=\u00bbcenter\u00bb button_alignment_tablet=\u00bbcenter\u00bb button_alignment_phone=\u00bb\u00bb button_alignment_last_edited=\u00bbon|desktop\u00bb admin_label=\u00bbBot\u00f3n ver dise\u00f1o\u00bb _builder_version=\u00bb4.0.5&#8243; custom_button=\u00bbon\u00bb button_text_color=\u00bb#ffffff\u00bb button_bg_color=\u00bb#468934&#8243; button_border_color=\u00bb#468934&#8243; button_border_radius=\u00bb24px\u00bb button_font=\u00bb|700|||||||\u00bb button_use_icon=\u00bboff\u00bb background_layout=\u00bbdark\u00bb custom_margin=\u00bb|15px|20px||false|false\u00bb custom_padding=\u00bb|15px||15px|false|false\u00bb custom_css_main_element=\u00bbfont-family:&#8217;Kumbh Sans&#8217;, sans-serif;\u00bb locked=\u00bboff\u00bb][\/et_pb_button][et_pb_text _builder_version=\u00bb4.0.5&#8243; hover_enabled=\u00bb0&#8243; admin_label=\u00bbbases\u00bb text_text_color=\u00bb#316335&#8243; text_font_size=\u00bb15px\u00bb text_orientation=\u00bbcenter\u00bb]<a href=\"https:\/\/www.nomenearth.es\/wp-content\/uploads\/2021\/12\/bases-concurso-causas-finales-21-22-v1.pdf\" target=\"_blank\" rel=\"attachment noopener wp-att-11593\"><span style=\"color: #316335;\">Bases del concurso<\/span><\/a>[\/et_pb_text][et_pb_text admin_label=\u00bbsuerte\u00bb _builder_version=\u00bb4.0.5&#8243; text_font=\u00bb|700|||||||\u00bb text_font_size=\u00bb42px\u00bb text_orientation=\u00bbcenter\u00bb custom_margin=\u00bb80px||80px||true|false\u00bb]<\/p>\n<p style=\"color: #468934;font-size:45px;font-weight:600\">SORT!<\/p>\n<p>[\/et_pb_text][et_pb_image src=\u00bbhttps:\/\/www.nomenearth.es\/wp-content\/uploads\/2021\/06\/HEADER.png\u00bb _builder_version=\u00bb4.0.5&#8243; max_width=\u00bb790px\u00bb module_alignment=\u00bbcenter\u00bb][\/et_pb_image][\/et_pb_column][\/et_pb_row][\/et_pb_section]<\/p>\n","protected":false},"excerpt":{"rendered":"<p>JA TENIM CAUSES FINALISTES!#TuGranitoDeArrozPorElPlaneta Aquestes s\u00f3n les sis causes solid\u00e0ries amb el planeta triades pel nostre Comit\u00e8 de Sostenibilitat d&#8217;entre les m\u00e9s de 6.000 propostes rebudes en el segon certamen de Nomen Earth:Promoure i divulgar la defensa del Delta de l&#8217;Ebre davant el canvi clim\u00e0ticProjecte Plantabosques, on els voluntaris fan actuacions de reforestaci\u00f3 en zones [&hellip;]<\/p>\n","protected":false},"author":1,"featured_media":0,"parent":0,"menu_order":0,"comment_status":"closed","ping_status":"closed","template":"","meta":{"_et_pb_use_builder":"on","_et_pb_old_content":"","_et_gb_content_width":"","footnotes":""},"class_list":["post-11004","page","type-page","status-publish","hentry"],"yoast_head":"<!-- This site is optimized with the Yoast SEO plugin v28.4 - https:\/\/yoast.com\/product\/yoast-seo-wordpress\/ -->\n<title>Proposta de causes - Nomen Earth<\/title>\n<meta name=\"robots\" content=\"noindex, follow\" \/>\n<meta property=\"og:locale\" content=\"ca_ES\" \/>\n<meta property=\"og:type\" content=\"article\" \/>\n<meta property=\"og:title\" content=\"Proposta de causes - Nomen Earth\" \/>\n<meta property=\"og:description\" content=\"JA TENIM CAUSES FINALISTES!#TuGranitoDeArrozPorElPlaneta Aquestes s\u00f3n les sis causes solid\u00e0ries amb el planeta triades pel nostre Comit\u00e8 de Sostenibilitat d&#039;entre les m\u00e9s de 6.000 propostes rebudes en el segon certamen de Nomen Earth:Promoure i divulgar la defensa del Delta de l&#039;Ebre davant el canvi clim\u00e0ticProjecte Plantabosques, on els voluntaris fan actuacions de reforestaci\u00f3 en zones [&hellip;]\" \/>\n<meta property=\"og:url\" content=\"https:\/\/www.nomenearth.es\/ca\/proposta-de-causes\/\" \/>\n<meta property=\"og:site_name\" content=\"Nomen Earth\" \/>\n<meta property=\"article:modified_time\" content=\"2021-06-10T15:40:10+00:00\" \/>\n<meta name=\"twitter:card\" content=\"summary_large_image\" \/>\n<meta name=\"twitter:label1\" content=\"Temps estimat de lectura\" \/>\n\t<meta name=\"twitter:data1\" content=\"5 minuts\" \/>\n<script type=\"application\/ld+json\" class=\"yoast-schema-graph\">{\"@context\":\"https:\\\/\\\/schema.org\",\"@graph\":[{\"@type\":\"WebPage\",\"@id\":\"https:\\\/\\\/www.nomenearth.es\\\/ca\\\/proposta-de-causes\\\/\",\"url\":\"https:\\\/\\\/www.nomenearth.es\\\/ca\\\/proposta-de-causes\\\/\",\"name\":\"Proposta de causes - Nomen Earth\",\"isPartOf\":{\"@id\":\"https:\\\/\\\/www.nomenearth.es\\\/#website\"},\"datePublished\":\"2021-04-13T09:51:23+00:00\",\"dateModified\":\"2021-06-10T15:40:10+00:00\",\"breadcrumb\":{\"@id\":\"https:\\\/\\\/www.nomenearth.es\\\/ca\\\/proposta-de-causes\\\/#breadcrumb\"},\"inLanguage\":\"ca\",\"potentialAction\":[{\"@type\":\"ReadAction\",\"target\":[\"https:\\\/\\\/www.nomenearth.es\\\/ca\\\/proposta-de-causes\\\/\"]}]},{\"@type\":\"BreadcrumbList\",\"@id\":\"https:\\\/\\\/www.nomenearth.es\\\/ca\\\/proposta-de-causes\\\/#breadcrumb\",\"itemListElement\":[{\"@type\":\"ListItem\",\"position\":1,\"name\":\"Portada\",\"item\":\"https:\\\/\\\/www.nomenearth.es\\\/\"},{\"@type\":\"ListItem\",\"position\":2,\"name\":\"Proposta de causes\"}]},{\"@type\":\"WebSite\",\"@id\":\"https:\\\/\\\/www.nomenearth.es\\\/#website\",\"url\":\"https:\\\/\\\/www.nomenearth.es\\\/\",\"name\":\"Nomen Earth\",\"description\":\"#Comprom\u00e9teteConNomen\",\"potentialAction\":[{\"@type\":\"SearchAction\",\"target\":{\"@type\":\"EntryPoint\",\"urlTemplate\":\"https:\\\/\\\/www.nomenearth.es\\\/?s={search_term_string}\"},\"query-input\":{\"@type\":\"PropertyValueSpecification\",\"valueRequired\":true,\"valueName\":\"search_term_string\"}}],\"inLanguage\":\"ca\"}]}<\/script>\n<!-- \/ Yoast SEO plugin. -->","yoast_head_json":{"title":"Proposta de causes - Nomen Earth","robots":{"index":"noindex","follow":"follow"},"og_locale":"ca_ES","og_type":"article","og_title":"Proposta de causes - Nomen Earth","og_description":"JA TENIM CAUSES FINALISTES!#TuGranitoDeArrozPorElPlaneta Aquestes s\u00f3n les sis causes solid\u00e0ries amb el planeta triades pel nostre Comit\u00e8 de Sostenibilitat d'entre les m\u00e9s de 6.000 propostes rebudes en el segon certamen de Nomen Earth:Promoure i divulgar la defensa del Delta de l'Ebre davant el canvi clim\u00e0ticProjecte Plantabosques, on els voluntaris fan actuacions de reforestaci\u00f3 en zones [&hellip;]","og_url":"https:\/\/www.nomenearth.es\/ca\/proposta-de-causes\/","og_site_name":"Nomen Earth","article_modified_time":"2021-06-10T15:40:10+00:00","twitter_card":"summary_large_image","twitter_misc":{"Temps estimat de lectura":"5 minuts"},"schema":{"@context":"https:\/\/schema.org","@graph":[{"@type":"WebPage","@id":"https:\/\/www.nomenearth.es\/ca\/proposta-de-causes\/","url":"https:\/\/www.nomenearth.es\/ca\/proposta-de-causes\/","name":"Proposta de causes - Nomen Earth","isPartOf":{"@id":"https:\/\/www.nomenearth.es\/#website"},"datePublished":"2021-04-13T09:51:23+00:00","dateModified":"2021-06-10T15:40:10+00:00","breadcrumb":{"@id":"https:\/\/www.nomenearth.es\/ca\/proposta-de-causes\/#breadcrumb"},"inLanguage":"ca","potentialAction":[{"@type":"ReadAction","target":["https:\/\/www.nomenearth.es\/ca\/proposta-de-causes\/"]}]},{"@type":"BreadcrumbList","@id":"https:\/\/www.nomenearth.es\/ca\/proposta-de-causes\/#breadcrumb","itemListElement":[{"@type":"ListItem","position":1,"name":"Portada","item":"https:\/\/www.nomenearth.es\/"},{"@type":"ListItem","position":2,"name":"Proposta de causes"}]},{"@type":"WebSite","@id":"https:\/\/www.nomenearth.es\/#website","url":"https:\/\/www.nomenearth.es\/","name":"Nomen Earth","description":"#Comprom\u00e9teteConNomen","potentialAction":[{"@type":"SearchAction","target":{"@type":"EntryPoint","urlTemplate":"https:\/\/www.nomenearth.es\/?s={search_term_string}"},"query-input":{"@type":"PropertyValueSpecification","valueRequired":true,"valueName":"search_term_string"}}],"inLanguage":"ca"}]}},"_links":{"self":[{"href":"https:\/\/www.nomenearth.es\/ca\/wp-json\/wp\/v2\/pages\/11004","targetHints":{"allow":["GET"]}}],"collection":[{"href":"https:\/\/www.nomenearth.es\/ca\/wp-json\/wp\/v2\/pages"}],"about":[{"href":"https:\/\/www.nomenearth.es\/ca\/wp-json\/wp\/v2\/types\/page"}],"author":[{"embeddable":true,"href":"https:\/\/www.nomenearth.es\/ca\/wp-json\/wp\/v2\/users\/1"}],"replies":[{"embeddable":true,"href":"https:\/\/www.nomenearth.es\/ca\/wp-json\/wp\/v2\/comments?post=11004"}],"version-history":[{"count":22,"href":"https:\/\/www.nomenearth.es\/ca\/wp-json\/wp\/v2\/pages\/11004\/revisions"}],"predecessor-version":[{"id":11633,"href":"https:\/\/www.nomenearth.es\/ca\/wp-json\/wp\/v2\/pages\/11004\/revisions\/11633"}],"wp:attachment":[{"href":"https:\/\/www.nomenearth.es\/ca\/wp-json\/wp\/v2\/media?parent=11004"}],"curies":[{"name":"wp","href":"https:\/\/api.w.org\/{rel}","templated":true}]}}